{"id":137545,"date":"2022-10-18T14:49:19","date_gmt":"2022-10-18T12:49:19","guid":{"rendered":"https:\/\/www.wash-megroup.com\/aide-en-ligne\/%faq-category%\/las-lavanderias-automaticas-Wash-ME-estan-adaptadas-a-personas-con-movilidad-reducida-pmr\/"},"modified":"2022-11-15T15:06:45","modified_gmt":"2022-11-15T14:06:45","slug":"las-lavanderias-automaticas-Wash-ME-estan-adaptadas-a-personas-con-movilidad-reducida-pmr","status":"publish","type":"faq-answers","link":"https:\/\/www.wash-megroup.com\/es-es\/aide-en-ligne\/preguntas-frecuentes\/las-lavanderias-automaticas-Wash-ME-estan-adaptadas-a-personas-con-movilidad-reducida-pmr\/","title":{"rendered":"\u00bfLas lavander\u00edas autom\u00e1ticas Wash ME est\u00e1n adaptadas a personas con movilidad reducida (PMR)?"},"content":{"rendered":"\n<h1 class=\"wp-block-heading\">\u00bfLas lavander\u00edas autom\u00e1ticas Wash ME est\u00e1n adaptadas a personas con movilidad reducida (PMR)?<\/h1>\n\n<p>Nuestros quioscos de lavander\u00eda est\u00e1n adaptados a personas con movilidad reducida para que todos puedan utilizarlos.<\/p>\n\n<div class=\"wp-block-buttons is-layout-flex wp-block-buttons-is-layout-flex\"><div class=\"wp-block-button\">\n<a href=\"https:\/\/www.Wash-ME-laundry.fr\/aide-en-ligne\/faq\" class=\"button wp-block-button__link is-style-fill\">\n<span>\nVolver a la lista\n<\/span><\/a><!--\/ .container -->\n<\/div><!--\/ .group -->\n<\/div>\n<div class=\"blue-title \">\n    <h3 class=\"title blue-title__title title--size-xs title--primary\">\n    Puede que estas preguntas te interesen<\/h3>\n<\/div>\n<div class=\"block-list-faq\">\n    <div class=\"block-list-faq__container\">\n\t    \t\t    <div class=\"schema-faq\">\n\t\t\t    \t\t\t\t    <div class=\"schema-faq-section\" id=\"faq-question-380615\">\n\t\t\t\t\t    <strong class=\"schema-faq-question\"><a href=\"https:\/\/www.wash-megroup.com\/es-es\/aide-en-ligne\/preguntas-frecuentes\/que-es-una-lavanderia-Wash-ME-laundry\/\" data-page=\"137540\">\u00bfQu\u00e9 es una lavander\u00eda Wash ME?<\/a><\/strong>\n\t\t\t\t\t    <div class=\"schema-faq-answer\">\nWash ME es una marca del ME Group, una empresa fundada en 1958 y que ahora tiene su sede cerca de Londres. Es conocida por su experiencia en el sector de la distribuci\u00f3n autom\u00e1tica. Wash ME se lanz\u00f3 en 2012, es un servicio de lavander\u00eda autom\u00e1tica exterior que proporciona a los usuarios acceso a m\u00e1quinas de gran capacidad (hasta 20\u00a0kg), de calidad profesional y a precios atractivos. Wash ME consta de una serie de quioscos exteriores accesibles las 24 horas del d\u00eda, los 7 d\u00edas de la semana, que ofrecen servicios de lavado y secado de 8 a 20\u00a0kg.\n<\/div>\n\t\t\t\t    <\/div>\n\t\t\t    \t\t\t\t    <div class=\"schema-faq-section\" id=\"faq-question-883300\">\n\t\t\t\t\t    <strong class=\"schema-faq-question\"><a href=\"https:\/\/www.wash-megroup.com\/es-es\/aide-en-ligne\/preguntas-frecuentes\/el-uso-de-las-lavanderias-Wash-ME-laundry-es-autonomo\/\" data-page=\"137543\">\u00bfEl uso de las lavander\u00edas Wash ME es aut\u00f3nomo?<\/a><\/strong>\n\t\t\t\t\t    <div class=\"schema-faq-answer\">\nNuestros quioscos est\u00e1n dise\u00f1ados para utilizarse de forma independiente. Son accesibles en r\u00e9gimen de autoservicio (24 horas al d\u00eda, 7 d\u00edas a la semana), y un t\u00e9cnico comprueba regularmente el estado de nuestras m\u00e1quinas para garantizar un servicio \u00f3ptimo a nuestros usuarios.\n<\/div>\n\t\t\t\t    <\/div>\n\t\t\t    \t\t\t\t    <div class=\"schema-faq-section\" id=\"faq-question-129399\">\n\t\t\t\t\t    <strong class=\"schema-faq-question\"><a href=\"https:\/\/www.wash-megroup.com\/es-es\/aide-en-ligne\/preguntas-frecuentes\/cual-es-el-horario-de-apertura-de-las-lavanderias-Wash-ME-laundry\/\" data-page=\"137544\">\u00bfCu\u00e1l es el horario de apertura de las lavander\u00edas Wash ME?<\/a><\/strong>\n\t\t\t\t\t    <div class=\"schema-faq-answer\">\nNuestras m\u00e1quinas son accesibles los 7 d\u00edas de la semana y las 24 horas del d\u00eda, excepto las que pueden estar sujetas a franjas horarias limitadas al acceso del aparcamiento\/supermercado en el que est\u00e9n instaladas. Te invitamos a que compruebes los horarios de apertura del espacio comercial asociado a la lavander\u00eda Wash ME de tu elecci\u00f3n.\n<\/div>\n\t\t\t\t    <\/div>\n\t\t\t    \t\t    <\/div>\n\t        <\/div>\n<\/div>\n\n\t\t<script type=\"application\/ld+json\">\n\t\t{\n\t\t\t\"@context\": \"https:\/\/schema.org\",\n\t\t\t\"@type\": \"FAQPage\",\n\t\t\t\"mainEntity\": [{\n    \"@type\": \"Question\",\n    \"name\": \"\\u00bfQu\\u00e9 es una lavander\\u00eda Wash ME?\",\n    \"acceptedAnswer\": {\n        \"@type\": \"Answer\",\n        \"text\": \"\\nWash ME es una marca del ME Group, una empresa fundada en 1958 y que ahora tiene su sede cerca de Londres. Es conocida por su experiencia en el sector de la distribuci\\u00f3n autom\\u00e1tica. Wash ME se lanz\\u00f3 en 2012, es un servicio de lavander\\u00eda autom\\u00e1tica exterior que proporciona a los usuarios acceso a m\\u00e1quinas de gran capacidad (hasta 20\\u00a0kg), de calidad profesional y a precios atractivos. Wash ME consta de una serie de quioscos exteriores accesibles las 24 horas del d\\u00eda, los 7 d\\u00edas de la semana, que ofrecen servicios de lavado y secado de 8 a 20\\u00a0kg.\\n\"\n    }\n},{\n    \"@type\": \"Question\",\n    \"name\": \"\\u00bfEl uso de las lavander\\u00edas Wash ME es aut\\u00f3nomo?\",\n    \"acceptedAnswer\": {\n        \"@type\": \"Answer\",\n        \"text\": \"\\nNuestros quioscos est\\u00e1n dise\\u00f1ados para utilizarse de forma independiente. Son accesibles en r\\u00e9gimen de autoservicio (24 horas al d\\u00eda, 7 d\\u00edas a la semana), y un t\\u00e9cnico comprueba regularmente el estado de nuestras m\\u00e1quinas para garantizar un servicio \\u00f3ptimo a nuestros usuarios.\\n\"\n    }\n},{\n    \"@type\": \"Question\",\n    \"name\": \"\\u00bfCu\\u00e1l es el horario de apertura de las lavander\\u00edas Wash ME?\",\n    \"acceptedAnswer\": {\n        \"@type\": \"Answer\",\n        \"text\": \"\\nNuestras m\\u00e1quinas son accesibles los 7 d\\u00edas de la semana y las 24 horas del d\\u00eda, excepto las que pueden estar sujetas a franjas horarias limitadas al acceso del aparcamiento\\\/supermercado en el que est\\u00e9n instaladas. Te invitamos a que compruebes los horarios de apertura del espacio comercial asociado a la lavander\\u00eda Wash ME de tu elecci\\u00f3n.\\n\"\n    }\n}]\n\t\t}\n\t<\/script>\n\t<div class=\"block-blue\">\n    <div class=\"block-blue__container\">\n        <div class=\"block-blue__title-wrapper\">\n            <h2 class=\"title block-blue__title title--size-m title--white\">\n    Contacta con nosotros<\/h2>\n        <\/div>\n        <div class=\"block-blue__text\">\n            <div class=\"text \">\n    <p>\u00bfNo has encontrado respuesta a tu pregunta? \u00a1Contacta con nosotros!<\/p>\n<\/div>\n        <\/div>\n        <a class=\"link block-blue__cta-link button button--bordered-white button--with-icon icon-arrow-right\" href=\"https:\/\/www.Wash-ME-laundry.fr\/contact\/\" target=\"\">\n    <span>Contacto<\/span>\n<\/a>\n    <\/div>\n<\/div>\n","protected":false},"featured_media":0,"template":"","faq-category":[280],"class_list":["post-137545","faq-answers","type-faq-answers","status-publish","hentry","faq-category-preguntas-frecuentes"],"acf":[],"yoast_head":"<title>Lavander\u00edas Revolution adaptadas a personas con movilidad reducida (PMR)<\/title>\n<meta name=\"description\" content=\"Si quieres saber si las lavander\u00edas Revolution Laundry est\u00e1n adaptadas a personas con movilidad reducida (PMR), consulta nuestra respuesta.\" \/>\n<meta name=\"robots\" content=\"index, follow, max-snippet:-1, max-image-preview:large, max-video-preview:-1\" \/>\n<link rel=\"canonical\" href=\"https:\/\/www.wash-megroup.com\/es-es\/aide-en-ligne\/preguntas-frecuentes\/las-lavanderias-automaticas-Wash-ME-estan-adaptadas-a-personas-con-movilidad-reducida-pmr\/\" \/>\n<meta property=\"og:locale\" content=\"es_ES\" \/>\n<meta property=\"og:type\" content=\"article\" \/>\n<meta property=\"og:title\" content=\"Lavander\u00edas Revolution adaptadas a personas con movilidad reducida (PMR)\" \/>\n<meta property=\"og:description\" content=\"Si quieres saber si las lavander\u00edas Revolution Laundry est\u00e1n adaptadas a personas con movilidad reducida (PMR), consulta nuestra respuesta.\" \/>\n<meta property=\"og:url\" content=\"https:\/\/www.wash-megroup.com\/es-es\/aide-en-ligne\/preguntas-frecuentes\/las-lavanderias-automaticas-Wash-ME-estan-adaptadas-a-personas-con-movilidad-reducida-pmr\/\" \/>\n<meta property=\"og:site_name\" content=\"Wash-ME\" \/>\n<meta property=\"article:modified_time\" content=\"2022-11-15T14:06:45+00:00\" \/>\n<meta name=\"twitter:card\" content=\"summary_large_image\" \/>\n<script type=\"application\/ld+json\" class=\"yoast-schema-graph\">{\"@context\":\"https:\/\/schema.org\",\"@graph\":[{\"@type\":\"WebPage\",\"@id\":\"https:\/\/www.wash-megroup.com\/es-es\/aide-en-ligne\/preguntas-frecuentes\/las-lavanderias-automaticas-Wash-ME-estan-adaptadas-a-personas-con-movilidad-reducida-pmr\/\",\"url\":\"https:\/\/www.wash-megroup.com\/es-es\/aide-en-ligne\/preguntas-frecuentes\/las-lavanderias-automaticas-Wash-ME-estan-adaptadas-a-personas-con-movilidad-reducida-pmr\/\",\"name\":\"Lavander\u00edas Revolution adaptadas a personas con movilidad reducida (PMR)\",\"isPartOf\":{\"@id\":\"https:\/\/www.wash-megroup.com\/es-es\/#website\"},\"datePublished\":\"2022-10-18T12:49:19+00:00\",\"dateModified\":\"2022-11-15T14:06:45+00:00\",\"description\":\"Si quieres saber si las lavander\u00edas Revolution Laundry est\u00e1n adaptadas a personas con movilidad reducida (PMR), consulta nuestra respuesta.\",\"breadcrumb\":{\"@id\":\"https:\/\/www.wash-megroup.com\/es-es\/aide-en-ligne\/preguntas-frecuentes\/las-lavanderias-automaticas-Wash-ME-estan-adaptadas-a-personas-con-movilidad-reducida-pmr\/#breadcrumb\"},\"inLanguage\":\"es\",\"potentialAction\":[{\"@type\":\"ReadAction\",\"target\":[\"https:\/\/www.wash-megroup.com\/es-es\/aide-en-ligne\/preguntas-frecuentes\/las-lavanderias-automaticas-Wash-ME-estan-adaptadas-a-personas-con-movilidad-reducida-pmr\/\"]}]},{\"@type\":\"BreadcrumbList\",\"@id\":\"https:\/\/www.wash-megroup.com\/es-es\/aide-en-ligne\/preguntas-frecuentes\/las-lavanderias-automaticas-Wash-ME-estan-adaptadas-a-personas-con-movilidad-reducida-pmr\/#breadcrumb\",\"itemListElement\":[{\"@type\":\"ListItem\",\"position\":1,\"name\":\"Home\",\"item\":\"https:\/\/www.wash-megroup.com\/es-es\/\"},{\"@type\":\"ListItem\",\"position\":2,\"name\":\"\u00bfLas lavander\u00edas autom\u00e1ticas Revolution est\u00e1n adaptadas a personas con movilidad reducida (PMR)?\"}]},{\"@type\":\"WebSite\",\"@id\":\"https:\/\/www.wash-megroup.com\/es-es\/#website\",\"url\":\"https:\/\/www.wash-megroup.com\/es-es\/\",\"name\":\"Wash-ME\",\"description\":\"Accede al espacio privado\",\"publisher\":{\"@id\":\"https:\/\/www.wash-megroup.com\/es-es\/#organization\"},\"potentialAction\":[{\"@type\":\"SearchAction\",\"target\":{\"@type\":\"EntryPoint\",\"urlTemplate\":\"https:\/\/www.wash-megroup.com\/es-es\/?s={search_term_string}\"},\"query-input\":{\"@type\":\"PropertyValueSpecification\",\"valueRequired\":true,\"valueName\":\"search_term_string\"}}],\"inLanguage\":\"es\"},{\"@type\":\"Organization\",\"@id\":\"https:\/\/www.wash-megroup.com\/es-es\/#organization\",\"name\":\"Wash-ME\",\"url\":\"https:\/\/www.wash-megroup.com\/es-es\/\",\"logo\":{\"@type\":\"ImageObject\",\"inLanguage\":\"es\",\"@id\":\"https:\/\/www.wash-megroup.com\/es-es\/#\/schema\/logo\/image\/\",\"url\":\"https:\/\/www.wash-megroup.com\/wp-content\/uploads\/2021\/07\/logo_revolaundry_white@2x.png\",\"contentUrl\":\"https:\/\/www.wash-megroup.com\/wp-content\/uploads\/2021\/07\/logo_revolaundry_white@2x.png\",\"width\":538,\"height\":146,\"caption\":\"Wash-ME\"},\"image\":{\"@id\":\"https:\/\/www.wash-megroup.com\/es-es\/#\/schema\/logo\/image\/\"}}]}<\/script>","yoast_head_json":{"title":"Lavander\u00edas Revolution adaptadas a personas con movilidad reducida (PMR)","description":"Si quieres saber si las lavander\u00edas Revolution Laundry est\u00e1n adaptadas a personas con movilidad reducida (PMR), consulta nuestra respuesta.","robots":{"index":"index","follow":"follow","max-snippet":"max-snippet:-1","max-image-preview":"max-image-preview:large","max-video-preview":"max-video-preview:-1"},"canonical":"https:\/\/www.wash-megroup.com\/es-es\/aide-en-ligne\/preguntas-frecuentes\/las-lavanderias-automaticas-Wash-ME-estan-adaptadas-a-personas-con-movilidad-reducida-pmr\/","og_locale":"es_ES","og_type":"article","og_title":"Lavander\u00edas Revolution adaptadas a personas con movilidad reducida (PMR)","og_description":"Si quieres saber si las lavander\u00edas Revolution Laundry est\u00e1n adaptadas a personas con movilidad reducida (PMR), consulta nuestra respuesta.","og_url":"https:\/\/www.wash-megroup.com\/es-es\/aide-en-ligne\/preguntas-frecuentes\/las-lavanderias-automaticas-Wash-ME-estan-adaptadas-a-personas-con-movilidad-reducida-pmr\/","og_site_name":"Wash-ME","article_modified_time":"2022-11-15T14:06:45+00:00","twitter_card":"summary_large_image","schema":{"@context":"https:\/\/schema.org","@graph":[{"@type":"WebPage","@id":"https:\/\/www.wash-megroup.com\/es-es\/aide-en-ligne\/preguntas-frecuentes\/las-lavanderias-automaticas-Wash-ME-estan-adaptadas-a-personas-con-movilidad-reducida-pmr\/","url":"https:\/\/www.wash-megroup.com\/es-es\/aide-en-ligne\/preguntas-frecuentes\/las-lavanderias-automaticas-Wash-ME-estan-adaptadas-a-personas-con-movilidad-reducida-pmr\/","name":"Lavander\u00edas Revolution adaptadas a personas con movilidad reducida (PMR)","isPartOf":{"@id":"https:\/\/www.wash-megroup.com\/es-es\/#website"},"datePublished":"2022-10-18T12:49:19+00:00","dateModified":"2022-11-15T14:06:45+00:00","description":"Si quieres saber si las lavander\u00edas Revolution Laundry est\u00e1n adaptadas a personas con movilidad reducida (PMR), consulta nuestra respuesta.","breadcrumb":{"@id":"https:\/\/www.wash-megroup.com\/es-es\/aide-en-ligne\/preguntas-frecuentes\/las-lavanderias-automaticas-Wash-ME-estan-adaptadas-a-personas-con-movilidad-reducida-pmr\/#breadcrumb"},"inLanguage":"es","potentialAction":[{"@type":"ReadAction","target":["https:\/\/www.wash-megroup.com\/es-es\/aide-en-ligne\/preguntas-frecuentes\/las-lavanderias-automaticas-Wash-ME-estan-adaptadas-a-personas-con-movilidad-reducida-pmr\/"]}]},{"@type":"BreadcrumbList","@id":"https:\/\/www.wash-megroup.com\/es-es\/aide-en-ligne\/preguntas-frecuentes\/las-lavanderias-automaticas-Wash-ME-estan-adaptadas-a-personas-con-movilidad-reducida-pmr\/#breadcrumb","itemListElement":[{"@type":"ListItem","position":1,"name":"Home","item":"https:\/\/www.wash-megroup.com\/es-es\/"},{"@type":"ListItem","position":2,"name":"\u00bfLas lavander\u00edas autom\u00e1ticas Revolution est\u00e1n adaptadas a personas con movilidad reducida (PMR)?"}]},{"@type":"WebSite","@id":"https:\/\/www.wash-megroup.com\/es-es\/#website","url":"https:\/\/www.wash-megroup.com\/es-es\/","name":"Wash-ME","description":"Accede al espacio privado","publisher":{"@id":"https:\/\/www.wash-megroup.com\/es-es\/#organization"},"potentialAction":[{"@type":"SearchAction","target":{"@type":"EntryPoint","urlTemplate":"https:\/\/www.wash-megroup.com\/es-es\/?s={search_term_string}"},"query-input":{"@type":"PropertyValueSpecification","valueRequired":true,"valueName":"search_term_string"}}],"inLanguage":"es"},{"@type":"Organization","@id":"https:\/\/www.wash-megroup.com\/es-es\/#organization","name":"Wash-ME","url":"https:\/\/www.wash-megroup.com\/es-es\/","logo":{"@type":"ImageObject","inLanguage":"es","@id":"https:\/\/www.wash-megroup.com\/es-es\/#\/schema\/logo\/image\/","url":"https:\/\/www.wash-megroup.com\/wp-content\/uploads\/2021\/07\/logo_revolaundry_white@2x.png","contentUrl":"https:\/\/www.wash-megroup.com\/wp-content\/uploads\/2021\/07\/logo_revolaundry_white@2x.png","width":538,"height":146,"caption":"Wash-ME"},"image":{"@id":"https:\/\/www.wash-megroup.com\/es-es\/#\/schema\/logo\/image\/"}}]}},"_links":{"self":[{"href":"https:\/\/www.wash-megroup.com\/es-es\/wp-json\/wp\/v2\/faq-answers\/137545","targetHints":{"allow":["GET"]}}],"collection":[{"href":"https:\/\/www.wash-megroup.com\/es-es\/wp-json\/wp\/v2\/faq-answers"}],"about":[{"href":"https:\/\/www.wash-megroup.com\/es-es\/wp-json\/wp\/v2\/types\/faq-answers"}],"version-history":[{"count":0,"href":"https:\/\/www.wash-megroup.com\/es-es\/wp-json\/wp\/v2\/faq-answers\/137545\/revisions"}],"wp:attachment":[{"href":"https:\/\/www.wash-megroup.com\/es-es\/wp-json\/wp\/v2\/media?parent=137545"}],"wp:term":[{"taxonomy":"faq-category","embeddable":true,"href":"https:\/\/www.wash-megroup.com\/es-es\/wp-json\/wp\/v2\/faq-category?post=137545"}],"curies":[{"name":"wp","href":"https:\/\/api.w.org\/{rel}","templated":true}]}}