{"id":104,"date":"2021-06-21T14:44:43","date_gmt":"2021-06-21T12:44:43","guid":{"rendered":"https:\/\/www.Wash-ME-laundry.fr\/?page_id=104"},"modified":"2024-09-04T17:42:10","modified_gmt":"2024-09-04T15:42:10","slug":"politique-confidentialite","status":"publish","type":"page","link":"https:\/\/www.wash-megroup.com\/fr-fr\/politique-confidentialite\/","title":{"rendered":"Politique de confidentialit\u00e9"},"content":{"rendered":"\n<h1 class=\"wp-block-heading has-text-align-center\">Politique de confidentialit\u00e9<\/h1>\n\n\n\n<div style=\"height:40px\" aria-hidden=\"true\" class=\"wp-block-spacer\"><\/div>\n\n\n\n<p class=\"has-text-align-right\"><em>Date de derni\u00e8re mise \u00e0 jour&nbsp;: 26 juillet 2022<\/em><\/p>\n\n\n\n<p>Pour ME Group, le respect de votre vie priv\u00e9e est essentiel. Lorsque vous utilisez nos services Wash ME, vous nous confiez vos donn\u00e9es \u00e0 caract\u00e8re personnel. Nous nous engageons \u00e0 en prendre soin. La pr\u00e9sente politique a \u00e9t\u00e9 con\u00e7ue pour vous aider \u00e0 comprendre la mani\u00e8re dont nous collectons et traitons vos donn\u00e9es \u00e0 caract\u00e8re personnel, et quels sont vos droits.&nbsp;&nbsp;<\/p>\n\n\n\n<h2 class=\"wp-block-heading\">1. <strong>QUI EST RESPONSABLE DU TRAITEMENT DE VOS DONNEES ?&nbsp;<\/strong><\/h2>\n\n\n\n<p>La soci\u00e9t\u00e9 ME Group France, soci\u00e9t\u00e9 par actions simplifi\u00e9e immatricul\u00e9e sous le num\u00e9ro 592 033 930 RCS Paris et dont le si\u00e8ge social est situ\u00e9 8 rue Auber, 75009 Paris, est le responsable du traitement de vos donn\u00e9es.&nbsp;&nbsp;<\/p>\n\n\n\n<h2 class=\"wp-block-heading\">2. <strong>QUELLES DONNEES COLLECTONS-NOUS&nbsp;?&nbsp;<\/strong><\/h2>\n\n\n\n<p>Nous collectons les donn\u00e9es personnelles suivantes&nbsp;:&nbsp;<\/p>\n\n\n\n<ul class=\"wp-block-list\">\n<li><strong>Les donn\u00e9es que vous nous fournissez<\/strong>&nbsp;: lorsque vous cr\u00e9ez un compte sur l\u2019application, utilisez nos services, vous inscrivez \u00e0 notre newsletter ou que vous nous contactez (notamment via notre formulaire de contact, par email ou t\u00e9l\u00e9phone), nous collectons les informations personnelles que vous nous fournissez.&nbsp;Par exemple, pour pouvoir cr\u00e9er un compte et utiliser nos services, vous devez nous fournir vos nom, pr\u00e9nom, adresse \u00e9lectronique et num\u00e9ro de t\u00e9l\u00e9phone et configurer un mot de passe&nbsp;; en cas de r\u00e9clamation, vous devez nous communiquer votre identit\u00e9, les \u00e9l\u00e9ments de contexte et les justificatifs, ainsi que vos coordonn\u00e9es bancaires si vous souhaitez obtenir un remboursement.&nbsp;<\/li>\n<\/ul>\n\n\n\n<p>Les donn\u00e9es que nous vous demandons et qui sont indispensables pour vous fournir nos services ou r\u00e9pondre \u00e0 vos demandes sont identifi\u00e9es par un ast\u00e9risque ou un proc\u00e9d\u00e9 \u00e9quivalent sur les formulaires de collecte ou pr\u00e9cis\u00e9es comme telles oralement au moment de leur collecte. Si vous ne renseignez pas les champs obligatoires ou ne communiquez pas les informations signal\u00e9es comme obligatoires, nous ne serons pas en mesure de r\u00e9pondre \u00e0 vos demandes.<\/p>\n\n\n\n<ul class=\"wp-block-list\">\n<li><strong>Les donn\u00e9es transactionnelles&nbsp;<\/strong>: nous recueillons les donn\u00e9es relatives \u00e0 vos commandes, y compris le num\u00e9ro de de la transaction et le d\u00e9tail de la commande.<\/li>\n<\/ul>\n\n\n\n<ul class=\"wp-block-list\">\n<li><strong>Les donn\u00e9es de paiement<\/strong>&nbsp;: lorsque vous payez sur l\u2019application, vos paiements sont s\u00e9curis\u00e9s. Nous ne collectons pas vos donn\u00e9es de paiement mais seulement un identifiant de paiement et une partie des chiffres de votre carte bancaire pour vous permettre de reconna\u00eetre la carte qui a servi au dernier paiement. L&rsquo;int\u00e9gralit\u00e9 de vos coordonn\u00e9es bancaires sont collect\u00e9es uniquement par notre prestataire de services de paiement certifi\u00e9 PCI-DSS (norme de s\u00e9curit\u00e9 bancaire) qui permet de garantir la s\u00e9curit\u00e9 des paiements.<\/li>\n<\/ul>\n\n\n\n<ul class=\"wp-block-list\">\n<li><strong>Les donn\u00e9es de localisation<\/strong>&nbsp;: vous avez la possibilit\u00e9, en param\u00e9trant votre t\u00e9l\u00e9phone ou navigateur, de partager votre localisation actuelle afin de chercher des laveries Wash ME \u00e0 proximit\u00e9.&nbsp;<\/li>\n<\/ul>\n\n\n\n<ul class=\"wp-block-list\">\n<li><strong>Les donn\u00e9es d&rsquo;utilisation<\/strong>\u00a0: nous recueillons des donn\u00e9es sur l&rsquo;interaction des utilisateurs avec l\u2019application et le site Internet <a href=\"https:\/\/www.wash-megroup.com\/\">www.wash-megroup.com<\/a>. Elles incluent des donn\u00e9es telles que les dates et heures d&rsquo;acc\u00e8s, les pages visit\u00e9es, le type de navigateur utilis\u00e9, etc. Nous recueillons ces donn\u00e9es de mani\u00e8re automatique par l&rsquo;interm\u00e9diaire de cookies. Pour en savoir plus sur ces technologies, veuillez lire notre <a href=\"https:\/\/www.wash-megroup.com\/fr-fr\/politique-relative-aux-cookies\/\">Politique relative aux cookies<\/a>.\u00a0\u00a0<\/li>\n<\/ul>\n\n\n\n<p>Nos services ne s&rsquo;adressent pas aux mineurs et ne sont pas destin\u00e9s \u00e0 \u00eatre utilis\u00e9s par des mineurs. Nous ne collectons pas sciemment des informations aupr\u00e8s de mineurs et nous ne leur demandons aucune information. Toute personne fournissant ses informations \u00e0 ME GROUP dans le cadre d\u2019une commande d\u00e9clare avoir atteint l&rsquo;\u00e2ge l\u00e9gal de la majorit\u00e9. Si nous d\u00e9couvrons que nous avons recueilli des informations aupr\u00e8s d&rsquo;un mineur sans l&rsquo;autorisation de ses parents ou de son ou ses tuteurs l\u00e9gaux, nous les supprimerons. Veuillez nous contacter aux coordonn\u00e9es indiqu\u00e9es \u00e0 l&rsquo;article 8 ci-dessous si vous pensez nous avoir fourni des informations sur un mineur sans l&rsquo;autorisation de ses parents ou de son ou ses tuteurs l\u00e9gaux.<\/p>\n\n\n\n<h2 class=\"wp-block-heading\"><strong>3. POURQUOI COLLECTONS-NOUS VOS DONN\u00c9ES&nbsp;?<\/strong><\/h2>\n\n\n\n<p>Nous traitons uniquement vos donn\u00e9es personnelles lorsque nous disposons d\u2019un fondement l\u00e9gal pour le faire&nbsp;:&nbsp;<\/p>\n\n\n\n<ul class=\"wp-block-list\">\n<li><strong>Traitements n\u00e9cessaires \u00e0 l\u2019ex\u00e9cution du contrat conclu avec vous<\/strong>&nbsp;: nous utilisons vos donn\u00e9es afin d\u2019assurer la gestion des contrats et services souscrits et r\u00e9pondre \u00e0 nos obligations contractuelles, et notamment&nbsp;:&nbsp;<\/li>\n<\/ul>\n\n\n\n<ul class=\"wp-block-list\">\n<li>Fourniture des services que vous avez demand\u00e9s via notre application, traitement des transactions et de la facturation, y compris gestion des fraudes sur internet et aux moyens de paiement et des incidents de paiement<\/li>\n\n\n\n<li>Gestion de votre compte personnel<\/li>\n\n\n\n<li>Gestion des r\u00e9clamations et service apr\u00e8s-vente&nbsp;; remboursements<\/li>\n<\/ul>\n\n\n\n<ul class=\"wp-block-list\">\n<li><strong>Traitements pour lesquels vous avez donn\u00e9 votre consentement<\/strong>&nbsp;:&nbsp;<\/li>\n<\/ul>\n\n\n\n<ul class=\"wp-block-list\">\n<li>Envoi de notre newsletter<\/li>\n\n\n\n<li>Envoi d\u2019informations et promotions concernant les autres services de ME Group<\/li>\n<\/ul>\n\n\n\n<ul class=\"wp-block-list\">\n<li><strong>Traitements n\u00e9cessaires aux fins de notre int\u00e9r\u00eat l\u00e9gitime<\/strong>&nbsp;:&nbsp;<\/li>\n<\/ul>\n\n\n\n<ul class=\"wp-block-list\">\n<li>Envoi d\u2019informations et promotions \u00e0 nos clients concernant Wash ME<\/li>\n\n\n\n<li>R\u00e9alisation de statistiques commerciales et reporting, apr\u00e8s avoir rendu vos donn\u00e9es anonymes ou en tout cas apr\u00e8s avoir mis en \u0153uvre des proc\u00e9d\u00e9s destin\u00e9s \u00e0 emp\u00eacher votre r\u00e9-identification<\/li>\n\n\n\n<li>Enregistrement des appels t\u00e9l\u00e9phoniques \u00e0 des fins de formation et d\u00e9valuation de notre personnel, et d\u2019am\u00e9lioration de la qualit\u00e9 du service<\/li>\n<\/ul>\n\n\n\n<ul class=\"wp-block-list\">\n<li><strong>Traitements n\u00e9cessaires au respect de nos obligations l\u00e9gales<\/strong>&nbsp;: certaines de vos donn\u00e9es sont \u00e9galement trait\u00e9es pour r\u00e9pondre \u00e0 nos obligations l\u00e9gales (par exemple, nos obligations comptables et fiscales, ou encore nos obligations en mati\u00e8re de gestion des demandes d\u2019exercice de droits au titre des r\u00e8gles de protection des donn\u00e9es personnelles) et assurer la d\u00e9fense de nos int\u00e9r\u00eats en cas de litige ou d\u2019action en justice.&nbsp;&nbsp;<\/li>\n<\/ul>\n\n\n\n<h2 class=\"wp-block-heading\">4. <strong>COMBIEN DE TEMPS VOS DONN\u00c9ES&nbsp;SONT-ELLES CONSERV\u00c9ES ?<\/strong><\/h2>\n\n\n\n<p>D\u2019une mani\u00e8re g\u00e9n\u00e9rale, nous conservons vos donn\u00e9es personnelles pendant une dur\u00e9e qui n\u2019exc\u00e8de pas la dur\u00e9e n\u00e9cessaire aux finalit\u00e9s pour lesquelles elles ont \u00e9t\u00e9 collect\u00e9es. En particulier&nbsp;:&nbsp;<\/p>\n\n\n\n<ul class=\"wp-block-list\">\n<li><strong>Donn\u00e9es associ\u00e9es \u00e0 votre compte<\/strong>&nbsp;: lorsque vous cr\u00e9ez un compte en ligne, vos donn\u00e9es personnelles sont conserv\u00e9es tant que vous utilisez nos services par l\u2019interm\u00e9diaire de votre compte. Vos donn\u00e9es et votre compte seront supprim\u00e9s si :&nbsp;<\/li>\n<\/ul>\n\n\n\n<ul class=\"wp-block-list\">\n<li>vous d\u00e9cidez de supprimer d\u00e9finitivement votre compte ou si nous le supprimons conform\u00e9ment \u00e0 nos Conditions G\u00e9n\u00e9rales d\u2019Utilisation ; ou&nbsp;<\/li>\n\n\n\n<li>votre compte est inactif, c\u2019est-\u00e0-dire que vous n\u2019avez utilis\u00e9 aucun de nos services pendant 5 ann\u00e9es cons\u00e9cutives et que vous avez cess\u00e9 d\u2019interagir avec nous au cours de cette 5<sup>\u00e8me<\/sup> ann\u00e9e (en particulier, vous n\u2019avez pas ouvert nos emails, vous ne vous \u00eates pas connect\u00e9(e) \u00e0 votre compte, etc.).<\/li>\n<\/ul>\n\n\n\n<ul class=\"wp-block-list\">\n<li><strong>Inscription \u00e0 notre newsletter et options en mati\u00e8re de prospection \u00e9lectronique<\/strong>&nbsp;: si vous avez cr\u00e9\u00e9 un compte, ces donn\u00e9es seront conserv\u00e9es jusqu\u2019\u00e0 d\u00e9sinscription au travers de votre compte ou bien par l\u2019utilisation du lien de d\u00e9sabonnement pr\u00e9vu \u00e0 cet effet dans la newsletter et les emails promotionnels. Si aucun compte client n\u2019est associ\u00e9 \u00e0 votre adresse mail, vos donn\u00e9es seront supprim\u00e9es 3 ans apr\u00e8s votre derni\u00e8re interaction (clic) avec un email que nous vous avons adress\u00e9.&nbsp;<\/li>\n<\/ul>\n\n\n\n<ul class=\"wp-block-list\">\n<li><strong>Donn\u00e9es de carte de paiement<\/strong>&nbsp;: par d\u00e9faut, ces donn\u00e9es ne sont pas conserv\u00e9es au-del\u00e0 de la transaction. Notre prestataire de services de paiement peut conserver en archive interm\u00e9diaire les donn\u00e9es de paiement 13 mois suivant la date de d\u00e9bit ou 15 mois en cas de carte de paiement \u00e0 d\u00e9bit diff\u00e9r\u00e9 \u00e0 des fins de gestion des r\u00e9clamations.&nbsp;<\/li>\n<\/ul>\n\n\n\n<ul class=\"wp-block-list\">\n<li>Donn\u00e9es relatives aux r\u00e9clamations&nbsp;: nous conservons ces donn\u00e9es le temps n\u00e9cessaire au traitement de la r\u00e9clamation et \u00e0 l\u2019\u00e9ventuel remboursement et jusqu\u2019\u00e0 la fin de l\u2019exercice en cours.&nbsp;<\/li>\n<\/ul>\n\n\n\n<ul class=\"wp-block-list\">\n<li><strong>Donn\u00e9es comptables et fiscales<\/strong>&nbsp;: nous conservons ces donn\u00e9es en archive interm\u00e9diaire pendant la dur\u00e9e l\u00e9gale de conservation (10 ans).&nbsp;<\/li>\n<\/ul>\n\n\n\n<ul class=\"wp-block-list\">\n<li><strong>Gestion d\u2019une liste d\u2019opposition<\/strong>&nbsp;: nous conservons vos donn\u00e9es 3 ans \u00e0 compter de l\u2019exercice du droit.&nbsp;<\/li>\n<\/ul>\n\n\n\n<p>Veuillez noter que vos donn\u00e9es peuvent \u00eatre conserv\u00e9es plus longtemps, par exemple afin d\u2019\u00e9tablir la preuve d\u2019un droit ou au titre d\u2019une obligation l\u00e9gale. Dans tous les cas, vos donn\u00e9es ne sont pas conserv\u00e9es au-del\u00e0 de ce qui est strictement n\u00e9cessaires aux finalit\u00e9s pour lesquelles elles sont trait\u00e9es. Lorsque vos donn\u00e9es ne seront plus n\u00e9cessaires, nous veillerons \u00e0 ce qu\u2019elles soient soit supprim\u00e9es ou anonymis\u00e9es.<\/p>\n\n\n\n<h2 class=\"wp-block-heading\">5. <strong>AVEC QUI PARTAGEONS-NOUS VOS DONN\u00c9ES ?<\/strong><\/h2>\n\n\n\n<p>Nous partageons vos donn\u00e9es uniquement avec :<\/p>\n\n\n\n<ul class=\"wp-block-list\">\n<li>les personnes d\u00fbment habilit\u00e9es de Me Group France, qui ont besoin d\u2019acc\u00e9der \u00e0 vos donn\u00e9es dans le cadre de leurs fonctions en lien avec les finalit\u00e9s d\u00e9crites ci-dessus,<\/li>\n\n\n\n<li>nos prestataires de services tiers et sous-traitants intervenant pour vous fournir certains services (notamment pour la gestion commerciale et marketing de nos bases de donn\u00e9es clients et prospects, la gestion des paiements en ligne, la gestion des r\u00e9clamations, etc.).<\/li>\n\n\n\n<li>les organismes, les auxiliaires de justice et les officiers minist\u00e9riels, dans le cadre de leur mission de recouvrement de cr\u00e9ances,&nbsp;<\/li>\n\n\n\n<li>nos conseillers externes (avocats, auditeurs, etc.), lorsque cela est n\u00e9cessaire&nbsp;aux fins de nos int\u00e9r\u00eats l\u00e9gitimes,<\/li>\n\n\n\n<li>des autorit\u00e9s publiques ou judiciaires, d\u00e8s lors que nous y sommes l\u00e9galement tenus.&nbsp;<\/li>\n<\/ul>\n\n\n\n<p>Nous pouvons \u00e9galement partager vos donn\u00e9es personnelles avec des tiers dans le cadre d\u2019une vente ou d\u2019une restructuration potentielle ou effective de notre soci\u00e9t\u00e9 ou de certains de nos actifs, auquel cas vos donn\u00e9es pourront faire partie des actifs transf\u00e9r\u00e9s.<\/p>\n\n\n\n<h2 class=\"wp-block-heading\">6. <strong>TRANSFERT DE DONNEES HORS DE L\u2019UE<\/strong><\/h2>\n\n\n\n<p>Vos donn\u00e9es personnelles trait\u00e9es dans le cadre de l\u2019utilisation de l\u2019application sont h\u00e9berg\u00e9es et trait\u00e9es dans l\u2019Union europ\u00e9enne.&nbsp;<\/p>\n\n\n\n<p>Certains de nos sous-traitants peuvent transf\u00e9rer vos donn\u00e9es personnelles en dehors de l\u2019UE. En l\u2019absence de d\u00e9cision d\u2019ad\u00e9quation de la Commission europ\u00e9enne en vertu de l\u2019article 45 du RGPD, ces transferts sont encadr\u00e9s par des m\u00e9canismes de transfert appropri\u00e9s en vertu des articles 46 et suivants du RGPD (tels que des clauses contractuelles types adopt\u00e9es par la Commission europ\u00e9enne). Vous pouvez, le cas \u00e9ch\u00e9ant, en obtenir une copie (\u00e0 l\u2019exclusion des dispositions confidentielles) en nous contactant aux coordonn\u00e9es indiqu\u00e9es \u00e0 l\u2019article 8 \u00ab&nbsp;Contact&nbsp;\u00bb.&nbsp;<\/p>\n\n\n\n<p>En particulier, en cas de r\u00e9clamation, vos donn\u00e9es sont trait\u00e9es par notre filiale Photomaton Maroc avec laquelle nous avons conclu un contrat de transfert sur la base des clauses contractuelles types adopt\u00e9es par la Commission europ\u00e9enne.&nbsp;&nbsp;<\/p>\n\n\n\n<h2 class=\"wp-block-heading\">7. <strong>QUELS SONT VOS DROITS ET COMMENT LES EXERCER ?<\/strong><\/h2>\n\n\n\n<p>Vous b\u00e9n\u00e9ficiez d\u2019un certain nombre de droits sur vos donn\u00e9es.&nbsp;<\/p>\n\n\n\n<ul class=\"wp-block-list\">\n<li>Vous pouvez r\u00e9voquer \u00e0 tout moment, votre consentement \u00e0 tout traitement de vos donn\u00e9es fond\u00e9 sur votre consentement.&nbsp;<\/li>\n\n\n\n<li>Vous pouvez nous demander de&nbsp;confirmer si nous traitons vos donn\u00e9es et, le cas \u00e9ch\u00e9ant, vous informer des caract\u00e9ristiques du traitement, vous permettre d\u2019y acc\u00e9der et en obtenir une copie.&nbsp;<\/li>\n\n\n\n<li>Vous pouvez nous demander de rectifier ou compl\u00e9ter vos donn\u00e9es si elles sont incorrectes ou incompl\u00e8tes.<\/li>\n\n\n\n<li>Vous pouvez, dans certains cas, nous demander d\u2019effacer vos donn\u00e9es ou d\u2019en limiter le traitement.&nbsp;<\/li>\n\n\n\n<li>Vous pouvez nous demander, dans certains cas, de vous fournir vos donn\u00e9es dans un format structur\u00e9, couramment utilis\u00e9 et lisible par une machine, ou vous pouvez demander qu\u2019elles soient transmises directement \u00e0 un autre responsable de traitement.&nbsp;<\/li>\n\n\n\n<li>Vous avez le droit de d\u00e9finir des directives (g\u00e9n\u00e9rales ou sp\u00e9cifiques) relatives au sort de vos donn\u00e9es apr\u00e8s votre mort.&nbsp;<\/li>\n\n\n\n<li><strong>Vous pouvez vous opposer \u00e0 tout traitement de vos donn\u00e9es qui est bas\u00e9 sur notre \u00ab&nbsp;int\u00e9r\u00eat l\u00e9gitime&nbsp;\u00bb. Si vous exercez ce droit, nous devons cesser le traitement, sauf si nous d\u00e9montrons l\u2019existence de motifs l\u00e9gitimes et imp\u00e9rieux qui pr\u00e9valent sur vos droits et libert\u00e9s fondamentaux, ou pour la constatation, l\u2019exercice ou la d\u00e9fense de droits en justice.&nbsp;&nbsp;<\/strong><\/li>\n\n\n\n<li><strong>Vous pouvez vous opposer \u00e0 tout moment au traitement de vos donn\u00e9es \u00e0 des fins de prospection.&nbsp;<\/strong><\/li>\n<\/ul>\n\n\n\n<p>Vous pouvez exercer vos droits en nous contactant aux coordonn\u00e9es indiqu\u00e9es \u00e0 l\u2019article 8 \u00ab&nbsp;Contact&nbsp;\u00bb.&nbsp;<\/p>\n\n\n\n<p>Vousavez \u00e9galement le droit d\u2019introduire une r\u00e9clamation aupr\u00e8s de l\u2019autorit\u00e9 de contr\u00f4le comp\u00e9tente relative au traitement de vos donn\u00e9es. En France, l\u2019autorit\u00e9 de contr\u00f4le pour la protection des donn\u00e9es \u00e0 caract\u00e8re personnel est la CNIL (<a href=\"http:\/\/www.cnil.fr\/\">www.cnil.fr<\/a>).&nbsp;<\/p>\n\n\n\n<h2 class=\"wp-block-heading\">8. <strong>CONTACT<\/strong><\/h2>\n\n\n\n<p>Pour davantage d\u2019informations concernant vos droits, les exercer ou pour toute question ou r\u00e9clamation concernant la protection de vos donn\u00e9es \u00e0 caract\u00e8re personnel, vous pouvez nous contacter via le formulaire de contact dans l\u2019application (onglet \u00ab&nbsp;Nous contacter&nbsp;\u00bb) ou par&nbsp;:&nbsp;<\/p>\n\n\n\n<ul class=\"wp-block-list\">\n<li><strong>Courrier<\/strong>, \u00e0 l\u2019adresse suivante&nbsp;: DPO, ME Group France, 8 rue Auber, 75009 Paris&nbsp;<\/li>\n\n\n\n<li><strong>Email, <\/strong>\u00e0 l\u2019adresse suivante&nbsp;: <a href=\"mailto:privacy@me-group.com\">privacy@me-group.com<\/a>&nbsp;<\/li>\n\n\n\n<li><strong>Internet<\/strong>, sur la page suivante&nbsp;: <a href=\"https:\/\/www.wash-megroup.com\/fr-fr\/contact\/\">https:\/\/www.wash-megroup.com\/fr-fr\/contact\/<\/a>&nbsp;<\/li>\n<\/ul>\n\n\n\n<h2 class=\"wp-block-heading\">9. <strong>MODIFICATION DE LA POLITIQUE<\/strong><\/h2>\n\n\n\n<p>Nous pouvons modifier la pr\u00e9sente politique de confidentialit\u00e9 occasionnellement, par exemple pour prendre en compte les changements l\u00e9gaux, les avanc\u00e9es technologiques et les bonnes pratiques commerciales. Nous vous informerons en cas de changement substantiel.<\/p>\n","protected":false},"excerpt":{"rendered":"<p>Politique de confidentialit\u00e9 Date de derni\u00e8re mise \u00e0 jour&nbsp;: 26 juillet 2022&#8230;<\/p>\n","protected":false},"author":1,"featured_media":0,"parent":0,"menu_order":0,"comment_status":"closed","ping_status":"closed","template":"","meta":{"_acf_changed":false,"footnotes":""},"class_list":["post-104","page","type-page","status-publish","hentry"],"acf":[],"yoast_head":"<title>Politique de confidentialit\u00e9 - Wash ME (Ex Wash ME)<\/title>\n<meta name=\"description\" content=\"Consultez notre politique de confidentialit\u00e9 pour comprendre comment nous prot\u00e9geons vos donn\u00e9es. Votre vie priv\u00e9e est notre priorit\u00e9.\" \/>\n<meta name=\"robots\" content=\"index, follow, max-snippet:-1, max-image-preview:large, max-video-preview:-1\" \/>\n<link rel=\"canonical\" href=\"https:\/\/www.wash-megroup.com\/fr-fr\/politique-confidentialite\/\" \/>\n<meta property=\"og:locale\" content=\"fr_FR\" \/>\n<meta property=\"og:type\" content=\"article\" \/>\n<meta property=\"og:title\" content=\"Politique de confidentialit\u00e9 - Wash ME (Ex Wash ME)\" \/>\n<meta property=\"og:description\" content=\"Consultez notre politique de confidentialit\u00e9 pour comprendre comment nous prot\u00e9geons vos donn\u00e9es. Votre vie priv\u00e9e est notre priorit\u00e9.\" \/>\n<meta property=\"og:url\" content=\"https:\/\/www.wash-megroup.com\/fr-fr\/politique-confidentialite\/\" \/>\n<meta property=\"og:site_name\" content=\"Wash-ME\" \/>\n<meta property=\"article:modified_time\" content=\"2024-09-04T15:42:10+00:00\" \/>\n<meta name=\"twitter:card\" content=\"summary_large_image\" \/>\n<meta name=\"twitter:label1\" content=\"Dur\u00e9e de lecture estim\u00e9e\" \/>\n\t<meta name=\"twitter:data1\" content=\"11 minutes\" \/>\n<script type=\"application\/ld+json\" class=\"yoast-schema-graph\">{\"@context\":\"https:\/\/schema.org\",\"@graph\":[{\"@type\":\"WebPage\",\"@id\":\"https:\/\/www.wash-megroup.com\/fr-fr\/politique-confidentialite\/\",\"url\":\"https:\/\/www.wash-megroup.com\/fr-fr\/politique-confidentialite\/\",\"name\":\"Politique de confidentialit\u00e9 - Wash ME (Ex Wash ME)\",\"isPartOf\":{\"@id\":\"https:\/\/www.wash-megroup.com\/fr-fr\/#website\"},\"datePublished\":\"2021-06-21T12:44:43+00:00\",\"dateModified\":\"2024-09-04T15:42:10+00:00\",\"description\":\"Consultez notre politique de confidentialit\u00e9 pour comprendre comment nous prot\u00e9geons vos donn\u00e9es. Votre vie priv\u00e9e est notre priorit\u00e9.\",\"breadcrumb\":{\"@id\":\"https:\/\/www.wash-megroup.com\/fr-fr\/politique-confidentialite\/#breadcrumb\"},\"inLanguage\":\"fr-FR\",\"potentialAction\":[{\"@type\":\"ReadAction\",\"target\":[\"https:\/\/www.wash-megroup.com\/fr-fr\/politique-confidentialite\/\"]}]},{\"@type\":\"BreadcrumbList\",\"@id\":\"https:\/\/www.wash-megroup.com\/fr-fr\/politique-confidentialite\/#breadcrumb\",\"itemListElement\":[{\"@type\":\"ListItem\",\"position\":1,\"name\":\"Home\",\"item\":\"https:\/\/www.wash-megroup.com\/fr-fr\/\"},{\"@type\":\"ListItem\",\"position\":2,\"name\":\"Politique de confidentialit\u00e9\"}]},{\"@type\":\"WebSite\",\"@id\":\"https:\/\/www.wash-megroup.com\/fr-fr\/#website\",\"url\":\"https:\/\/www.wash-megroup.com\/fr-fr\/\",\"name\":\"Wash-ME\",\"description\":\"Acc\u00e9dez \u00e0 l&#039;espace particulier\",\"publisher\":{\"@id\":\"https:\/\/www.wash-megroup.com\/fr-fr\/#organization\"},\"potentialAction\":[{\"@type\":\"SearchAction\",\"target\":{\"@type\":\"EntryPoint\",\"urlTemplate\":\"https:\/\/www.wash-megroup.com\/fr-fr\/?s={search_term_string}\"},\"query-input\":{\"@type\":\"PropertyValueSpecification\",\"valueRequired\":true,\"valueName\":\"search_term_string\"}}],\"inLanguage\":\"fr-FR\"},{\"@type\":\"Organization\",\"@id\":\"https:\/\/www.wash-megroup.com\/fr-fr\/#organization\",\"name\":\"Wash-ME\",\"url\":\"https:\/\/www.wash-megroup.com\/fr-fr\/\",\"logo\":{\"@type\":\"ImageObject\",\"inLanguage\":\"fr-FR\",\"@id\":\"https:\/\/www.wash-megroup.com\/fr-fr\/#\/schema\/logo\/image\/\",\"url\":\"https:\/\/www.wash-megroup.com\/wp-content\/uploads\/2021\/07\/logo_revolaundry_white@2x.png\",\"contentUrl\":\"https:\/\/www.wash-megroup.com\/wp-content\/uploads\/2021\/07\/logo_revolaundry_white@2x.png\",\"width\":538,\"height\":146,\"caption\":\"Wash-ME\"},\"image\":{\"@id\":\"https:\/\/www.wash-megroup.com\/fr-fr\/#\/schema\/logo\/image\/\"}}]}<\/script>","yoast_head_json":{"title":"Politique de confidentialit\u00e9 - Wash ME (Ex Wash ME)","description":"Consultez notre politique de confidentialit\u00e9 pour comprendre comment nous prot\u00e9geons vos donn\u00e9es. Votre vie priv\u00e9e est notre priorit\u00e9.","robots":{"index":"index","follow":"follow","max-snippet":"max-snippet:-1","max-image-preview":"max-image-preview:large","max-video-preview":"max-video-preview:-1"},"canonical":"https:\/\/www.wash-megroup.com\/fr-fr\/politique-confidentialite\/","og_locale":"fr_FR","og_type":"article","og_title":"Politique de confidentialit\u00e9 - Wash ME (Ex Wash ME)","og_description":"Consultez notre politique de confidentialit\u00e9 pour comprendre comment nous prot\u00e9geons vos donn\u00e9es. Votre vie priv\u00e9e est notre priorit\u00e9.","og_url":"https:\/\/www.wash-megroup.com\/fr-fr\/politique-confidentialite\/","og_site_name":"Wash-ME","article_modified_time":"2024-09-04T15:42:10+00:00","twitter_card":"summary_large_image","twitter_misc":{"Dur\u00e9e de lecture estim\u00e9e":"11 minutes"},"schema":{"@context":"https:\/\/schema.org","@graph":[{"@type":"WebPage","@id":"https:\/\/www.wash-megroup.com\/fr-fr\/politique-confidentialite\/","url":"https:\/\/www.wash-megroup.com\/fr-fr\/politique-confidentialite\/","name":"Politique de confidentialit\u00e9 - Wash ME (Ex Wash ME)","isPartOf":{"@id":"https:\/\/www.wash-megroup.com\/fr-fr\/#website"},"datePublished":"2021-06-21T12:44:43+00:00","dateModified":"2024-09-04T15:42:10+00:00","description":"Consultez notre politique de confidentialit\u00e9 pour comprendre comment nous prot\u00e9geons vos donn\u00e9es. Votre vie priv\u00e9e est notre priorit\u00e9.","breadcrumb":{"@id":"https:\/\/www.wash-megroup.com\/fr-fr\/politique-confidentialite\/#breadcrumb"},"inLanguage":"fr-FR","potentialAction":[{"@type":"ReadAction","target":["https:\/\/www.wash-megroup.com\/fr-fr\/politique-confidentialite\/"]}]},{"@type":"BreadcrumbList","@id":"https:\/\/www.wash-megroup.com\/fr-fr\/politique-confidentialite\/#breadcrumb","itemListElement":[{"@type":"ListItem","position":1,"name":"Home","item":"https:\/\/www.wash-megroup.com\/fr-fr\/"},{"@type":"ListItem","position":2,"name":"Politique de confidentialit\u00e9"}]},{"@type":"WebSite","@id":"https:\/\/www.wash-megroup.com\/fr-fr\/#website","url":"https:\/\/www.wash-megroup.com\/fr-fr\/","name":"Wash-ME","description":"Acc\u00e9dez \u00e0 l&#039;espace particulier","publisher":{"@id":"https:\/\/www.wash-megroup.com\/fr-fr\/#organization"},"potentialAction":[{"@type":"SearchAction","target":{"@type":"EntryPoint","urlTemplate":"https:\/\/www.wash-megroup.com\/fr-fr\/?s={search_term_string}"},"query-input":{"@type":"PropertyValueSpecification","valueRequired":true,"valueName":"search_term_string"}}],"inLanguage":"fr-FR"},{"@type":"Organization","@id":"https:\/\/www.wash-megroup.com\/fr-fr\/#organization","name":"Wash-ME","url":"https:\/\/www.wash-megroup.com\/fr-fr\/","logo":{"@type":"ImageObject","inLanguage":"fr-FR","@id":"https:\/\/www.wash-megroup.com\/fr-fr\/#\/schema\/logo\/image\/","url":"https:\/\/www.wash-megroup.com\/wp-content\/uploads\/2021\/07\/logo_revolaundry_white@2x.png","contentUrl":"https:\/\/www.wash-megroup.com\/wp-content\/uploads\/2021\/07\/logo_revolaundry_white@2x.png","width":538,"height":146,"caption":"Wash-ME"},"image":{"@id":"https:\/\/www.wash-megroup.com\/fr-fr\/#\/schema\/logo\/image\/"}}]}},"_links":{"self":[{"href":"https:\/\/www.wash-megroup.com\/fr-fr\/wp-json\/wp\/v2\/pages\/104","targetHints":{"allow":["GET"]}}],"collection":[{"href":"https:\/\/www.wash-megroup.com\/fr-fr\/wp-json\/wp\/v2\/pages"}],"about":[{"href":"https:\/\/www.wash-megroup.com\/fr-fr\/wp-json\/wp\/v2\/types\/page"}],"author":[{"embeddable":true,"href":"https:\/\/www.wash-megroup.com\/fr-fr\/wp-json\/wp\/v2\/users\/1"}],"replies":[{"embeddable":true,"href":"https:\/\/www.wash-megroup.com\/fr-fr\/wp-json\/wp\/v2\/comments?post=104"}],"version-history":[{"count":10,"href":"https:\/\/www.wash-megroup.com\/fr-fr\/wp-json\/wp\/v2\/pages\/104\/revisions"}],"predecessor-version":[{"id":269034,"href":"https:\/\/www.wash-megroup.com\/fr-fr\/wp-json\/wp\/v2\/pages\/104\/revisions\/269034"}],"wp:attachment":[{"href":"https:\/\/www.wash-megroup.com\/fr-fr\/wp-json\/wp\/v2\/media?parent=104"}],"curies":[{"name":"wp","href":"https:\/\/api.w.org\/{rel}","templated":true}]}}